{"id":2047,"date":"2023-09-22T08:33:00","date_gmt":"2023-09-22T08:33:00","guid":{"rendered":"https:\/\/ebbinghaus.eu\/assainissement-pour-les-entrepreneurs\/"},"modified":"2025-07-22T15:25:09","modified_gmt":"2025-07-22T15:25:09","slug":"assainissement-pour-les-entrepreneurs","status":"publish","type":"page","link":"https:\/\/ebbinghaus.eu\/fr\/assainissement-pour-les-entrepreneurs\/","title":{"rendered":"Assainissement pour les entrepreneurs"},"content":{"rendered":"\n[et_pb_section fb_built=\u00a0\u00bb1&Prime; fullwidth=\u00a0\u00bbon\u00a0\u00bb _builder_version=\u00a0\u00bb4.22.1&Prime; _module_preset=\u00a0\u00bbdefault\u00a0\u00bb custom_margin=\u00a0\u00bb||||false|false\u00a0\u00bb custom_padding=\u00a0\u00bb||||false|false\u00a0\u00bb global_colors_info=\u00a0\u00bb{}\u00a0\u00bb][et_pb_fullwidth_image src=\u00a0\u00bbhttps:\/\/ebbinghaus.eu\/wp-content\/uploads\/2023\/10\/header_Eigenverwaltung_01_Ebbinghaus-1.jpg\u00a0\u00bb alt=\u00a0\u00bbAssainissement pour les services de soins\u00a0\u00bb title_text=\u00a0\u00bbheader_mobil_gestion_propre_01_Ebbinghaus\u00a0\u00bb src_tablet=\u00a0\u00bbhttps:\/\/ebbinghaus.eu\/wp-content\/uploads\/2023\/09\/header_sanierung_restrukturierung_pflege_steuerberater_pflegedienste.jpg\u00a0\u00bb src_phone=\u00a0\u00bbhttps:\/\/ebbinghaus.eu\/wp-content\/uploads\/2023\/10\/header_mobil_Eigenverwaltung_01_Ebbinghaus.jpg\u00a0\u00bb src_last_edited=\u00a0\u00bbon|phone\u00a0\u00bb _builder_version=\u00a0\u00bb4.22.2&Prime; _module_preset=\u00a0\u00bbdefault\u00a0\u00bb filter_hue_rotate=\u00a0\u00bb6deg\u00a0\u00bb filter_brightness=\u00a0\u00bb97%\u00a0\u00bb filter_contrast=\u00a0\u00bb114%\u00a0\u00bb filter_invert=\u00a0\u00bb6%\u00a0\u00bb global_colors_info=\u00a0\u00bb{}\u00a0\u00bb][\/et_pb_fullwidth_image][\/et_pb_section][et_pb_section fb_built=\u00a0\u00bb1&Prime; custom_padding_last_edited=\u00a0\u00bbon|phone\u00a0\u00bb _builder_version=\u00a0\u00bb4.23&Prime; _module_preset=\u00a0\u00bbdefault\u00a0\u00bb custom_padding=\u00a0\u00bb||0px||false|false\u00a0\u00bb custom_padding_tablet=\u00a0\u00bb||0px||false|false\u00a0\u00bb custom_padding_phone=\u00a0\u00bb0px||0px||false|false\u00a0\u00bb global_colors_info=\u00a0\u00bb{}\u00a0\u00bb][et_pb_row _builder_version=\u00a0\u00bb4.23&Prime; _module_preset=\u00a0\u00bbdefault\u00a0\u00bb custom_margin=\u00a0\u00bb50px||0px||false|false\u00a0\u00bb custom_margin_tablet=\u00a0\u00bb50px||0px||false|false\u00a0\u00bb custom_margin_phone=\u00a0\u00bb100px||0px||false|false\u00a0\u00bb custom_margin_last_edited=\u00a0\u00bbon|phone\u00a0\u00bb global_colors_info=\u00a0\u00bb{}\u00a0\u00bb][et_pb_column type=\u00a0\u00bb4_4&Prime; _builder_version=\u00a0\u00bb4.22.1&Prime; _module_preset=\u00a0\u00bbdefault\u00a0\u00bb global_colors_info=\u00a0\u00bb{}\u00a0\u00bb][et_pb_text _builder_version=\u00a0\u00bb4.22.2&Prime; _module_preset=\u00a0\u00bbdefault\u00a0\u00bb header_font=\u00a0\u00bbopensans||||||||\u00a0\u00bb header_font_size=\u00a0\u00bb16px\u00a0\u00bb global_colors_info=\u00a0\u00bb{}\u00a0\u00bb]<h1>Assainissement pour les entreprises<\/h1>[\/et_pb_text][et_pb_text _builder_version=\u00a0\u00bb4.22.2&Prime; _module_preset=\u00a0\u00bbdefault\u00a0\u00bb header_font=\u00a0\u00bbopensans||||||||\u00a0\u00bb header_font_size=\u00a0\u00bb16px\u00a0\u00bb header_2_font=\u00a0\u00bbopensans|500||on|||||\u00a0\u00bb header_2_font_size=\u00a0\u00bb46px\u00a0\u00bb header_2_line_height=\u00a0\u00bb1.3em\u00a0\u00bb custom_margin=\u00a0\u00bb||30px||false|false\u00a0\u00bb custom_margin_tablet=\u00a0\u00bb||84px|||\u00a0\u00bb custom_margin_phone=\u00a0\u00bb||40px||false|false\u00a0\u00bb custom_margin_last_edited=\u00a0\u00bbon|phone\u00a0\u00bb header_2_font_size_tablet=\u00a0\u00bb46px\u00a0\u00bb header_2_font_size_phone=\u00a0\u00bb30px\u00a0\u00bb header_2_font_size_last_edited=\u00a0\u00bbon|phone\u00a0\u00bb global_colors_info=\u00a0\u00bb{}\u00a0\u00bb]<h2>R\u00e9tablissement et restructuration.<\/h2>[\/et_pb_text][et_pb_text _builder_version=\u00a0\u00bb4.23&Prime; _module_preset=\u00a0\u00bbdefault\u00a0\u00bb text_font=\u00a0\u00bbopensans|300|||||||\u00a0\u00bb text_font_size=\u00a0\u00bb16px\u00a0\u00bb text_line_height=\u00a0\u00bb2em\u00a0\u00bb header_font=\u00a0\u00bbopensans||||||||\u00a0\u00bb header_font_size=\u00a0\u00bb16px\u00a0\u00bb header_2_font=\u00a0\u00bbopensans|500||on|||||\u00a0\u00bb header_2_font_size=\u00a0\u00bb60px\u00a0\u00bb header_2_line_height=\u00a0\u00bb1.3em\u00a0\u00bb width=\u00a0\u00bb88%\u00a0\u00bb width_tablet=\u00a0\u00bb88%\u00a0\u00bb width_phone=\u00a0\u00bb100%\u00a0\u00bb width_last_edited=\u00a0\u00bbon|phone\u00a0\u00bb custom_margin=\u00a0\u00bb||||false|false\u00a0\u00bb custom_padding=\u00a0\u00bb||||false|false\u00a0\u00bb global_colors_info=\u00a0\u00bb{}\u00a0\u00bb]<p>La r\u00e9orientation ou le redressement d&rsquo;une entreprise en difficult\u00e9 est un d\u00e9fi complexe, car les causes de la crise peuvent \u00eatre extr\u00eamement vari\u00e9es, allant de changements impr\u00e9vus sur le march\u00e9 \u00e0 des difficult\u00e9s op\u00e9rationnelles internes. Dans de telles situations, un redressement et une restructuration en profondeur de l&rsquo;entreprise peuvent s&rsquo;av\u00e9rer in\u00e9vitables. <\/p>[\/et_pb_text][\/et_pb_column][\/et_pb_row][\/et_pb_section][et_pb_section fb_built=\u00a0\u00bb1&Prime; module_id=\u00a0\u00bbstrat\u00e9gie de r\u00e9habilitation\u00a0\u00bb _builder_version=\u00a0\u00bb4.23&Prime; _module_preset=\u00a0\u00bbdefault\u00a0\u00bb custom_margin=\u00a0\u00bb0px||||false|false\u00a0\u00bb custom_padding=\u00a0\u00bb0px||27px||false|false\u00a0\u00bb global_colors_info=\u00a0\u00bb{}\u00a0\u00bb][et_pb_row _builder_version=\u00a0\u00bb4.23&Prime; _module_preset=\u00a0\u00bbdefault\u00a0\u00bb custom_margin=\u00a0\u00bb0px||0px||true|false\u00a0\u00bb global_colors_info=\u00a0\u00bb{}\u00a0\u00bb][et_pb_column type=\u00a0\u00bb4_4&Prime; _builder_version=\u00a0\u00bb4.22.1&Prime; _module_preset=\u00a0\u00bbdefault\u00a0\u00bb global_colors_info=\u00a0\u00bb{}\u00a0\u00bb][et_pb_text module_id=\u00a0\u00bbsanierungsstrategie\u00a0\u00bb _builder_version=\u00a0\u00bb4.23&Prime; _module_preset=\u00a0\u00bbdefault\u00a0\u00bb header_font=\u00a0\u00bbopensans||||||||\u00a0\u00bb header_font_size=\u00a0\u00bb16px\u00a0\u00bb header_2_font=\u00a0\u00bbopensans|500||on|||||\u00a0\u00bb header_2_font_size=\u00a0\u00bb46px\u00a0\u00bb header_2_line_height=\u00a0\u00bb1.3em\u00a0\u00bb header_3_font=\u00a0\u00bbopensans|500||on|||||\u00a0\u00bb header_3_font_size=\u00a0\u00bb38px\u00a0\u00bb header_3_line_height=\u00a0\u00bb1.3em\u00a0\u00bb custom_padding=\u00a0\u00bb50px||||false|false\u00a0\u00bb custom_padding_tablet=\u00a0\u00bb70px||||false|false\u00a0\u00bb custom_padding_phone=\u00a0\u00bb50px||||false|false\u00a0\u00bb custom_padding_last_edited=\u00a0\u00bbon|phone\u00a0\u00bb header_2_font_size_tablet=\u00a0\u00bb46px\u00a0\u00bb header_2_font_size_phone=\u00a0\u00bb34px\u00a0\u00bb header_2_font_size_last_edited=\u00a0\u00bbon|phone\u00a0\u00bb header_3_font_size_tablet=\u00a0\u00bb34px\u00a0\u00bb header_3_font_size_phone=\u00a0\u00bb25px\u00a0\u00bb header_3_font_size_last_edited=\u00a0\u00bbon|phone\u00a0\u00bb header_3_line_height_tablet=\u00a0\u00bb\u00a0\u00bb header_3_line_height_phone=\u00a0\u00bb1.3em\u00a0\u00bb header_3_line_height_last_edited=\u00a0\u00bbon|phone\u00a0\u00bb global_colors_info=\u00a0\u00bb{}\u00a0\u00bb]<h3>Strat\u00e9gie de redressement.<\/h3>[\/et_pb_text][et_pb_text _builder_version=\u00a0\u00bb4.23.1&Prime; _module_preset=\u00a0\u00bbdefault\u00a0\u00bb text_font=\u00a0\u00bbopensans|300|||||||\u00a0\u00bb text_font_size=\u00a0\u00bb16px\u00a0\u00bb text_line_height=\u00a0\u00bb2em\u00a0\u00bb header_font=\u00a0\u00bbopensans||||||||\u00a0\u00bb header_font_size=\u00a0\u00bb16px\u00a0\u00bb header_2_font=\u00a0\u00bbopensans|500||on|||||\u00a0\u00bb header_2_font_size=\u00a0\u00bb60px\u00a0\u00bb header_2_line_height=\u00a0\u00bb1.3em\u00a0\u00bb width=\u00a0\u00bb88%\u00a0\u00bb width_tablet=\u00a0\u00bb88%\u00a0\u00bb width_phone=\u00a0\u00bb100%\u00a0\u00bb width_last_edited=\u00a0\u00bbon|phone\u00a0\u00bb custom_margin=\u00a0\u00bb||||false|false\u00a0\u00bb custom_padding=\u00a0\u00bb||||false|false\u00a0\u00bb hover_enabled=\u00a0\u00bb0&Prime; global_colors_info=\u00a0\u00bb{}\u00a0\u00bb sticky_enabled=\u00a0\u00bb0&Prime;]<p>En tant qu&rsquo;experts exp\u00e9riment\u00e9s dans le domaine du redressement et de la restructuration d&rsquo;entreprises, nous d\u00e9veloppons dans un premier temps un plan de redressement ou de restructuration complet et cibl\u00e9 pour votre entreprise. Nous mettons un point d&rsquo;honneur \u00e0 utiliser au mieux les instruments mis \u00e0 disposition par le l\u00e9gislateur (tels que le concordat de redressement, l&rsquo;ordonnance de stabilisation, le plan de restructuration et la proc\u00e9dure de sauvegarde), dans votre int\u00e9r\u00eat et celui de votre entreprise.<\/p>\n<p><strong>Notre analyse se concentre sur l&rsquo;identification des raisons des difficult\u00e9s financi\u00e8res et sur la r\u00e9orientation de votre entreprise.<\/strong><\/p>[\/et_pb_text][\/et_pb_column][\/et_pb_row][\/et_pb_section][et_pb_section fb_built=\u00a0\u00bb1&Prime; module_id=\u00a0\u00bbplan de restructuration\u00a0\u00bb _builder_version=\u00a0\u00bb4.23&Prime; _module_preset=\u00a0\u00bbdefault\u00a0\u00bb custom_margin=\u00a0\u00bb0px||0px||false|false\u00a0\u00bb custom_padding=\u00a0\u00bb18px||38px|||\u00a0\u00bb global_colors_info=\u00a0\u00bb{}\u00a0\u00bb][et_pb_row _builder_version=\u00a0\u00bb4.22.1&Prime; _module_preset=\u00a0\u00bbdefault\u00a0\u00bb custom_margin=\u00a0\u00bb1px|auto|1px|auto|true|false\u00a0\u00bb global_colors_info=\u00a0\u00bb{}\u00a0\u00bb][et_pb_column type=\u00a0\u00bb4_4&Prime; _builder_version=\u00a0\u00bb4.22.1&Prime; _module_preset=\u00a0\u00bbdefault\u00a0\u00bb global_colors_info=\u00a0\u00bb{}\u00a0\u00bb][et_pb_text content_tablet=\u00a0\u00bb<h3>Plan de restructuration.<\/h3>\u00a0\u00bb content_phone=\u00a0\u00bb<h3>Plan de restructuration.<\/h3>\u00a0\u00bb content_last_edited=\u00a0\u00bbon|phone\u00a0\u00bb module_id=\u00a0\u00bb#restrukturierungsplan\u00a0\u00bb _builder_version=\u00a0\u00bb4.23&Prime; _module_preset=\u00a0\u00bbdefault\u00a0\u00bb header_font=\u00a0\u00bbopensans||||||||\u00a0\u00bb header_font_size=\u00a0\u00bb16px\u00a0\u00bb header_2_font=\u00a0\u00bbopensans|500||on|||||\u00a0\u00bb header_2_font_size=\u00a0\u00bb46px\u00a0\u00bb header_2_line_height=\u00a0\u00bb1.3em\u00a0\u00bb header_3_font=\u00a0\u00bbopensans|500||on|||||\u00a0\u00bb header_3_font_size=\u00a0\u00bb38px\u00a0\u00bb header_3_line_height=\u00a0\u00bb1.3em\u00a0\u00bb custom_padding=\u00a0\u00bb0px||||false|false\u00a0\u00bb custom_padding_tablet=\u00a0\u00bb70px||||false|false\u00a0\u00bb custom_padding_phone=\u00a0\u00bb0px||||false|false\u00a0\u00bb custom_padding_last_edited=\u00a0\u00bbon|phone\u00a0\u00bb header_2_font_size_tablet=\u00a0\u00bb46px\u00a0\u00bb header_2_font_size_phone=\u00a0\u00bb34px\u00a0\u00bb header_2_font_size_last_edited=\u00a0\u00bbon|phone\u00a0\u00bb header_3_font_size_tablet=\u00a0\u00bb34px\u00a0\u00bb header_3_font_size_phone=\u00a0\u00bb25px\u00a0\u00bb header_3_font_size_last_edited=\u00a0\u00bbon|phone\u00a0\u00bb header_3_line_height_tablet=\u00a0\u00bb\u00a0\u00bb header_3_line_height_phone=\u00a0\u00bb1.3em\u00a0\u00bb header_3_line_height_last_edited=\u00a0\u00bbon|phone\u00a0\u00bb global_colors_info=\u00a0\u00bb{}\u00a0\u00bb]<h3>Plan de restructuration.<\/h3>[\/et_pb_text][et_pb_text _builder_version=\u00a0\u00bb4.23&Prime; _module_preset=\u00a0\u00bbdefault\u00a0\u00bb text_font=\u00a0\u00bbopensans|300|||||||\u00a0\u00bb text_font_size=\u00a0\u00bb16px\u00a0\u00bb text_line_height=\u00a0\u00bb2em\u00a0\u00bb header_font=\u00a0\u00bbopensans||||||||\u00a0\u00bb header_font_size=\u00a0\u00bb16px\u00a0\u00bb header_2_font=\u00a0\u00bbopensans|500||on|||||\u00a0\u00bb header_2_font_size=\u00a0\u00bb60px\u00a0\u00bb header_2_line_height=\u00a0\u00bb1.3em\u00a0\u00bb width=\u00a0\u00bb88%\u00a0\u00bb width_tablet=\u00a0\u00bb88%\u00a0\u00bb width_phone=\u00a0\u00bb100%\u00a0\u00bb width_last_edited=\u00a0\u00bbon|phone\u00a0\u00bb custom_margin=\u00a0\u00bb||||false|false\u00a0\u00bb custom_padding=\u00a0\u00bb||||false|false\u00a0\u00bb global_colors_info=\u00a0\u00bb{}\u00a0\u00bb]<p>Qu&rsquo;elles soient dues \u00e0 des structures internes inad\u00e9quates ou \u00e0 un bouleversement du march\u00e9 entra\u00eenant une baisse soudaine des ventes, les crises financi\u00e8res d&rsquo;une entreprise ont des causes concr\u00e8tes auxquelles vous devez r\u00e9agir de mani\u00e8re appropri\u00e9e.<\/p>\n<p>Le plan de restructuration comprend des propositions d&rsquo;optimisation cibl\u00e9es. Cela peut inclure l&rsquo;adaptation des processus internes, l&rsquo;am\u00e9lioration de l&rsquo;efficacit\u00e9 par l&rsquo;optimisation des processus commerciaux et la r\u00e9vision et, le cas \u00e9ch\u00e9ant, la r\u00e9orientation des objectifs de votre entreprise et de ses orientations de march\u00e9. Ces mesures sont ax\u00e9es sur l&rsquo;\u00e9laboration d&rsquo;un plan marketing et financier, qui est souvent une condition pr\u00e9alable \u00e0 l&rsquo;obtention d&rsquo;un soutien financier de la part du gouvernement f\u00e9d\u00e9ral, des L\u00e4nder et de l&rsquo;UE.<\/p>\n<p>Au cours de ce processus, il y a souvent des n\u00e9gociations avec vos cr\u00e9anciers. Si aucune solution \u00e0 l&rsquo;amiable ne peut \u00eatre trouv\u00e9e, la nouvelle loi sur la stabilisation et la restructuration des entreprises (StaRUG) offre de nombreux instruments permettant de trouver une solution.<\/p>[\/et_pb_text][\/et_pb_column][\/et_pb_row][\/et_pb_section][et_pb_section fb_built=\u00a0\u00bb1&Prime; module_id=\u00a0\u00bbsubventions\u00a0\u00bb _builder_version=\u00a0\u00bb4.23&Prime; _module_preset=\u00a0\u00bbdefault\u00a0\u00bb custom_padding=\u00a0\u00bb6px||5px|||\u00a0\u00bb global_colors_info=\u00a0\u00bb{}\u00a0\u00bb][et_pb_row _builder_version=\u00a0\u00bb4.23&Prime; _module_preset=\u00a0\u00bbdefault\u00a0\u00bb custom_margin=\u00a0\u00bb0px|auto|0px|auto|true|false\u00a0\u00bb global_colors_info=\u00a0\u00bb{}\u00a0\u00bb][et_pb_column type=\u00a0\u00bb4_4&Prime; _builder_version=\u00a0\u00bb4.22.1&Prime; _module_preset=\u00a0\u00bbdefault\u00a0\u00bb global_colors_info=\u00a0\u00bb{}\u00a0\u00bb][et_pb_text module_id=\u00a0\u00bbfoerdergelder\u00a0\u00bb _builder_version=\u00a0\u00bb4.23&Prime; _module_preset=\u00a0\u00bbdefault\u00a0\u00bb header_font=\u00a0\u00bbopensans||||||||\u00a0\u00bb header_font_size=\u00a0\u00bb16px\u00a0\u00bb header_2_font=\u00a0\u00bbopensans|500||on|||||\u00a0\u00bb header_2_font_size=\u00a0\u00bb46px\u00a0\u00bb header_2_line_height=\u00a0\u00bb1.3em\u00a0\u00bb header_3_font=\u00a0\u00bbopensans|500||on|||||\u00a0\u00bb header_3_font_size=\u00a0\u00bb38px\u00a0\u00bb header_3_line_height=\u00a0\u00bb1.3em\u00a0\u00bb custom_padding=\u00a0\u00bb0px||||false|false\u00a0\u00bb custom_padding_tablet=\u00a0\u00bb70px||||false|false\u00a0\u00bb custom_padding_phone=\u00a0\u00bb0px||||false|false\u00a0\u00bb custom_padding_last_edited=\u00a0\u00bbon|phone\u00a0\u00bb header_2_font_size_tablet=\u00a0\u00bb46px\u00a0\u00bb header_2_font_size_phone=\u00a0\u00bb34px\u00a0\u00bb header_2_font_size_last_edited=\u00a0\u00bbon|phone\u00a0\u00bb header_3_font_size_tablet=\u00a0\u00bb34px\u00a0\u00bb header_3_font_size_phone=\u00a0\u00bb25px\u00a0\u00bb header_3_font_size_last_edited=\u00a0\u00bbon|phone\u00a0\u00bb header_3_line_height_tablet=\u00a0\u00bb\u00a0\u00bb header_3_line_height_phone=\u00a0\u00bb1.3em\u00a0\u00bb header_3_line_height_last_edited=\u00a0\u00bbon|phone\u00a0\u00bb global_colors_info=\u00a0\u00bb{}\u00a0\u00bb]<h3>Utiliser les subventions.<\/h3>[\/et_pb_text][et_pb_text _builder_version=\u00a0\u00bb4.23&Prime; _module_preset=\u00a0\u00bbdefault\u00a0\u00bb text_font=\u00a0\u00bbopensans|300|||||||\u00a0\u00bb text_font_size=\u00a0\u00bb16px\u00a0\u00bb text_line_height=\u00a0\u00bb2em\u00a0\u00bb header_font=\u00a0\u00bbopensans||||||||\u00a0\u00bb header_font_size=\u00a0\u00bb16px\u00a0\u00bb header_2_font=\u00a0\u00bbopensans|500||on|||||\u00a0\u00bb header_2_font_size=\u00a0\u00bb60px\u00a0\u00bb header_2_line_height=\u00a0\u00bb1.3em\u00a0\u00bb width=\u00a0\u00bb88%\u00a0\u00bb width_tablet=\u00a0\u00bb88%\u00a0\u00bb width_phone=\u00a0\u00bb100%\u00a0\u00bb width_last_edited=\u00a0\u00bbon|phone\u00a0\u00bb custom_margin=\u00a0\u00bb||||false|false\u00a0\u00bb custom_padding=\u00a0\u00bb||||false|false\u00a0\u00bb global_colors_info=\u00a0\u00bb{}\u00a0\u00bb]<p>A lui seul, le gouvernement f\u00e9d\u00e9ral met \u00e0 disposition plus de 400 aides diff\u00e9rentes pour le redressement des entreprises en difficult\u00e9. En outre, des subventions sont \u00e9galement disponibles aupr\u00e8s des L\u00e4nder et de l&rsquo;Union europ\u00e9enne.<\/p>\n<p>Toutefois, pour pouvoir b\u00e9n\u00e9ficier de ces financements, il est en principe n\u00e9cessaire de prouver que vous avez le droit d&rsquo;y recourir. En r\u00e8gle g\u00e9n\u00e9rale, cela suppose l&rsquo;\u00e9laboration d&rsquo;un plan de redressement bien pens\u00e9, qui montre que vous avez mis au point un concept viable pour sauver votre entreprise. Nous vous aidons \u00e0 identifier les subventions potentiellement adapt\u00e9es et \u00e0 remplir les conditions n\u00e9cessaires pour les solliciter avec succ\u00e8s.<\/p>[\/et_pb_text][et_pb_text _builder_version=\u00a0\u00bb4.23&Prime; _module_preset=\u00a0\u00bbdefault\u00a0\u00bb header_font=\u00a0\u00bbopensans||||||||\u00a0\u00bb header_font_size=\u00a0\u00bb16px\u00a0\u00bb header_2_font=\u00a0\u00bbopensans|500||on|||||\u00a0\u00bb header_2_font_size=\u00a0\u00bb46px\u00a0\u00bb header_2_line_height=\u00a0\u00bb1.3em\u00a0\u00bb header_3_font=\u00a0\u00bbopensans|500||on|||||\u00a0\u00bb header_3_font_size=\u00a0\u00bb38px\u00a0\u00bb header_3_line_height=\u00a0\u00bb1.3em\u00a0\u00bb custom_padding=\u00a0\u00bb70px||||false|false\u00a0\u00bb custom_padding_tablet=\u00a0\u00bb70px||||false|false\u00a0\u00bb custom_padding_phone=\u00a0\u00bb70px||||false|false\u00a0\u00bb custom_padding_last_edited=\u00a0\u00bbon|phone\u00a0\u00bb header_2_font_size_tablet=\u00a0\u00bb46px\u00a0\u00bb header_2_font_size_phone=\u00a0\u00bb34px\u00a0\u00bb header_2_font_size_last_edited=\u00a0\u00bbon|phone\u00a0\u00bb header_3_font_size_tablet=\u00a0\u00bb34px\u00a0\u00bb header_3_font_size_phone=\u00a0\u00bb25px\u00a0\u00bb header_3_font_size_last_edited=\u00a0\u00bbon|phone\u00a0\u00bb header_3_line_height_tablet=\u00a0\u00bb\u00a0\u00bb header_3_line_height_phone=\u00a0\u00bb1.3em\u00a0\u00bb header_3_line_height_last_edited=\u00a0\u00bbon|phone\u00a0\u00bb global_colors_info=\u00a0\u00bb{}\u00a0\u00bb]<h3>Autres instruments de la r\u00e9novation.<\/h3>[\/et_pb_text][et_pb_text _builder_version=\u00a0\u00bb4.23&Prime; _module_preset=\u00a0\u00bbdefault\u00a0\u00bb text_font=\u00a0\u00bbopensans|300|||||||\u00a0\u00bb text_font_size=\u00a0\u00bb16px\u00a0\u00bb text_line_height=\u00a0\u00bb2em\u00a0\u00bb header_font=\u00a0\u00bbopensans||||||||\u00a0\u00bb header_font_size=\u00a0\u00bb16px\u00a0\u00bb header_2_font=\u00a0\u00bbopensans|500||on|||||\u00a0\u00bb header_2_font_size=\u00a0\u00bb60px\u00a0\u00bb header_2_line_height=\u00a0\u00bb1.3em\u00a0\u00bb width=\u00a0\u00bb88%\u00a0\u00bb width_tablet=\u00a0\u00bb88%\u00a0\u00bb width_phone=\u00a0\u00bb100%\u00a0\u00bb width_last_edited=\u00a0\u00bbon|phone\u00a0\u00bb custom_margin=\u00a0\u00bb||||false|false\u00a0\u00bb custom_padding=\u00a0\u00bb||||false|false\u00a0\u00bb global_colors_info=\u00a0\u00bb{}\u00a0\u00bb]<p><strong>Proc\u00e9dure extrajudiciaire vs. proc\u00e9dure judiciaire :<\/strong><br>Le redressement d&rsquo;une entreprise peut intervenir \u00e0 diff\u00e9rents niveaux juridiques. Si des difficult\u00e9s \u00e9conomiques sont identifi\u00e9es \u00e0 un stade pr\u00e9coce, une proc\u00e9dure extrajudiciaire avec des conseillers d&rsquo;entreprise et des comptables exp\u00e9riment\u00e9s devrait \u00eatre la solution choisie. Pour cela, nous pouvons vous accompagner avec une \u00e9quipe comp\u00e9tente et exp\u00e9riment\u00e9e.<\/p>\n<p>Alternativement, il existe deux variantes judiciaires : la StaRUG et la proc\u00e9dure d&rsquo;insolvabilit\u00e9 judiciaire. Nous nous ferons un plaisir d&rsquo;expliquer en d\u00e9tail les d\u00e9tails et les possibilit\u00e9s. Il est probable que dans la majorit\u00e9 des cas, la StaRUG n&rsquo;ouvre pas de possibilit\u00e9 d&rsquo;application pertinente. Une proc\u00e9dure d&rsquo;insolvabilit\u00e9 en gestion propre pourrait alors \u00eatre propos\u00e9e.<\/p>[\/et_pb_text][\/et_pb_column][\/et_pb_row][\/et_pb_section][et_pb_section fb_built=\u00a0\u00bb1&Prime; module_id=\u00a0\u00bbgestion propre\u00a0\u00bb _builder_version=\u00a0\u00bb4.23&Prime; _module_preset=\u00a0\u00bbdefault\u00a0\u00bb custom_padding=\u00a0\u00bb5px|||||\u00a0\u00bb global_colors_info=\u00a0\u00bb{}\u00a0\u00bb][et_pb_row _builder_version=\u00a0\u00bb4.22.1&Prime; _module_preset=\u00a0\u00bbdefault\u00a0\u00bb custom_margin=\u00a0\u00bb35px|auto|35px|auto|true|false\u00a0\u00bb global_colors_info=\u00a0\u00bb{}\u00a0\u00bb][et_pb_column type=\u00a0\u00bb4_4&Prime; _builder_version=\u00a0\u00bb4.22.1&Prime; _module_preset=\u00a0\u00bbdefault\u00a0\u00bb global_colors_info=\u00a0\u00bb{}\u00a0\u00bb][et_pb_text content_tablet=\u00a0\u00bb<h3>Objectif de la proc\u00e9dure d&apos;autogestion.<\/h3>\u00a0\u00bb content_phone=\u00a0\u00bb<h3>Objectif de la proc\u00e9dure d&apos;autogestion.<\/h3>\u00a0\u00bb content_last_edited=\u00a0\u00bbon|phone\u00a0\u00bb module_id=\u00a0\u00bb#eigenverwaltung\u00a0\u00bb _builder_version=\u00a0\u00bb4.23&Prime; _module_preset=\u00a0\u00bbdefault\u00a0\u00bb header_font=\u00a0\u00bbopensans||||||||\u00a0\u00bb header_font_size=\u00a0\u00bb16px\u00a0\u00bb header_2_font=\u00a0\u00bbopensans|500||on|||||\u00a0\u00bb header_2_font_size=\u00a0\u00bb46px\u00a0\u00bb header_2_line_height=\u00a0\u00bb1.3em\u00a0\u00bb header_3_font=\u00a0\u00bbopensans|500||on|||||\u00a0\u00bb header_3_font_size=\u00a0\u00bb38px\u00a0\u00bb header_3_line_height=\u00a0\u00bb1.3em\u00a0\u00bb custom_padding=\u00a0\u00bb0px||||false|false\u00a0\u00bb custom_padding_tablet=\u00a0\u00bb70px||||false|false\u00a0\u00bb custom_padding_phone=\u00a0\u00bb0px||||false|false\u00a0\u00bb custom_padding_last_edited=\u00a0\u00bbon|phone\u00a0\u00bb header_2_font_size_tablet=\u00a0\u00bb46px\u00a0\u00bb header_2_font_size_phone=\u00a0\u00bb34px\u00a0\u00bb header_2_font_size_last_edited=\u00a0\u00bbon|phone\u00a0\u00bb header_3_font_size_tablet=\u00a0\u00bb34px\u00a0\u00bb header_3_font_size_phone=\u00a0\u00bb25px\u00a0\u00bb header_3_font_size_last_edited=\u00a0\u00bbon|phone\u00a0\u00bb header_3_line_height_tablet=\u00a0\u00bb\u00a0\u00bb header_3_line_height_phone=\u00a0\u00bb1.3em\u00a0\u00bb header_3_line_height_last_edited=\u00a0\u00bbon|phone\u00a0\u00bb global_colors_info=\u00a0\u00bb{}\u00a0\u00bb]<h3>Objectif de la proc\u00e9dure d&rsquo;autogestion.<\/h3>[\/et_pb_text][et_pb_text _builder_version=\u00a0\u00bb4.23&Prime; _module_preset=\u00a0\u00bbdefault\u00a0\u00bb text_font=\u00a0\u00bbopensans|300|||||||\u00a0\u00bb text_font_size=\u00a0\u00bb16px\u00a0\u00bb text_line_height=\u00a0\u00bb2em\u00a0\u00bb header_font=\u00a0\u00bbopensans||||||||\u00a0\u00bb header_font_size=\u00a0\u00bb16px\u00a0\u00bb header_2_font=\u00a0\u00bbopensans|500||on|||||\u00a0\u00bb header_2_font_size=\u00a0\u00bb60px\u00a0\u00bb header_2_line_height=\u00a0\u00bb1.3em\u00a0\u00bb width=\u00a0\u00bb88%\u00a0\u00bb width_tablet=\u00a0\u00bb88%\u00a0\u00bb width_phone=\u00a0\u00bb100%\u00a0\u00bb width_last_edited=\u00a0\u00bbon|phone\u00a0\u00bb custom_margin=\u00a0\u00bb||||false|false\u00a0\u00bb custom_padding=\u00a0\u00bb||||false|false\u00a0\u00bb global_colors_info=\u00a0\u00bb{}\u00a0\u00bb]<p><strong>La gestion autonome est un type de proc\u00e9dure distinct du code de l&rsquo;insolvabilit\u00e9.<\/strong>  M\u00eame apr\u00e8s les diff\u00e9rentes r\u00e9formes, l&rsquo;objectif du l\u00e9gislateur est rest\u00e9 de soutenir l&rsquo;auto-r\u00e9habilitation du propri\u00e9taire de l&rsquo;entreprise en lui laissant le pouvoir d&rsquo;administration et de disposition. En revanche, la proc\u00e9dure d&rsquo;insolvabilit\u00e9 normale pr\u00e9voit le transfert des pouvoirs d&rsquo;administration et de disposition \u00e0 un administrateur judiciaire apr\u00e8s l&rsquo;ouverture de la proc\u00e9dure. <\/p>\n<p>La proc\u00e9dure d&rsquo;autogestion se caract\u00e9rise par la dualit\u00e9 du d\u00e9biteur, repr\u00e9sent\u00e9 le cas \u00e9ch\u00e9ant par des organes de gestion, d&rsquo;une part, et de l&rsquo;administrateur judiciaire, d&rsquo;autre part. Le d\u00e9biteur conserve le pouvoir d&rsquo;administration et de disposition (contrairement \u00e0 la proc\u00e9dure d&rsquo;insolvabilit\u00e9 normale). <\/p>[\/et_pb_text][et_pb_text _builder_version=\u00a0\u00bb4.22.2&Prime; _module_preset=\u00a0\u00bbdefault\u00a0\u00bb header_font=\u00a0\u00bbopensans||||||||\u00a0\u00bb header_font_size=\u00a0\u00bb16px\u00a0\u00bb header_2_font=\u00a0\u00bbopensans|500||on|||||\u00a0\u00bb header_2_font_size=\u00a0\u00bb46px\u00a0\u00bb header_2_line_height=\u00a0\u00bb1.3em\u00a0\u00bb header_3_font=\u00a0\u00bbopensans|500||on|||||\u00a0\u00bb header_3_font_size=\u00a0\u00bb38px\u00a0\u00bb header_3_line_height=\u00a0\u00bb1.3em\u00a0\u00bb custom_padding=\u00a0\u00bb70px||||false|false\u00a0\u00bb custom_padding_tablet=\u00a0\u00bb70px||||false|false\u00a0\u00bb custom_padding_phone=\u00a0\u00bb50px||||false|false\u00a0\u00bb custom_padding_last_edited=\u00a0\u00bbon|phone\u00a0\u00bb header_2_font_size_tablet=\u00a0\u00bb46px\u00a0\u00bb header_2_font_size_phone=\u00a0\u00bb34px\u00a0\u00bb header_2_font_size_last_edited=\u00a0\u00bbon|phone\u00a0\u00bb header_3_font_size_tablet=\u00a0\u00bb34px\u00a0\u00bb header_3_font_size_phone=\u00a0\u00bb25px\u00a0\u00bb header_3_font_size_last_edited=\u00a0\u00bbon|phone\u00a0\u00bb header_3_line_height_tablet=\u00a0\u00bb\u00a0\u00bb header_3_line_height_phone=\u00a0\u00bb1.3em\u00a0\u00bb header_3_line_height_last_edited=\u00a0\u00bbon|phone\u00a0\u00bb global_colors_info=\u00a0\u00bb{}\u00a0\u00bb]<h3>Variantes de la gestion autonome.<\/h3>[\/et_pb_text][et_pb_text _builder_version=\u00a0\u00bb4.23&Prime; _module_preset=\u00a0\u00bbdefault\u00a0\u00bb text_font=\u00a0\u00bbopensans|300|||||||\u00a0\u00bb text_font_size=\u00a0\u00bb16px\u00a0\u00bb text_line_height=\u00a0\u00bb2em\u00a0\u00bb header_font=\u00a0\u00bbopensans||||||||\u00a0\u00bb header_font_size=\u00a0\u00bb16px\u00a0\u00bb header_2_font=\u00a0\u00bbopensans|500||on|||||\u00a0\u00bb header_2_font_size=\u00a0\u00bb60px\u00a0\u00bb header_2_line_height=\u00a0\u00bb1.3em\u00a0\u00bb width=\u00a0\u00bb88%\u00a0\u00bb width_tablet=\u00a0\u00bb88%\u00a0\u00bb width_phone=\u00a0\u00bb100%\u00a0\u00bb width_last_edited=\u00a0\u00bbon|phone\u00a0\u00bb custom_margin=\u00a0\u00bb||||false|false\u00a0\u00bb custom_padding=\u00a0\u00bb||||false|false\u00a0\u00bb global_colors_info=\u00a0\u00bb{}\u00a0\u00bb]<p>Les \u00a7\u00a7 270 et suivants de la loi sur la protection des donn\u00e9es sont applicables. InsO r\u00e9glementent d\u00e9j\u00e0 depuis la r\u00e9forme ESUG deux proc\u00e9dures d&rsquo;ouverture alternatives, l&rsquo;administration provisoire propre (d\u00e9sormais \u00a7 270b) et l&rsquo;\u00e9cran de protection (d\u00e9sormais \u00a7 270d). Par opposition au cadre de restructuration de la StaRUG, il s&rsquo;agit de proc\u00e9dures d&rsquo;insolvabilit\u00e9 (provisoires).<\/p>\n<p>&nbsp;<\/p>\n<p><strong>a) \u00c9cran de protection<\/strong><br>L&rsquo;article 270d InsO pr\u00e9voit une modification de la proc\u00e9dure d&rsquo;administration autonome provisoire ax\u00e9e sur l&rsquo;assainissement. Le d\u00e9biteur, \u00e9ventuellement repr\u00e9sent\u00e9 par ses organes, se voit accorder un droit de proposition largement contraignant concernant l&rsquo;administrateur provisoire \u00e0 d\u00e9signer (article 270d alin\u00e9a 2 InsO). La proc\u00e9dure a un effet positif sur l&rsquo;opinion publique, car de nombreuses parties prenantes et le public pensent qu&rsquo;il s&rsquo;agit avant tout d&rsquo;une proc\u00e9dure de redressement et non d&rsquo;une proc\u00e9dure d&rsquo;insolvabilit\u00e9.<\/p>\n<p>&nbsp;<\/p>\n<p><strong>b) L&rsquo;administration provisoire des biens<\/strong><br>L&rsquo;ordonnance d&rsquo;administration provisoire des biens est r\u00e9gie par l&rsquo;article 270b InsO. Elle suppose que le d\u00e9biteur a fourni les documents et pr\u00e9sentations vis\u00e9s \u00e0 l&rsquo;article 270a InsO et qu&rsquo;il a fait les d\u00e9clarations demand\u00e9es. Par rapport \u00e0 la l\u00e9gislation ant\u00e9rieure, les exigences auxquelles le d\u00e9biteur doit satisfaire sont plus nombreuses, ce qui entra\u00eene des exigences de contr\u00f4le plus importantes pour le tribunal de la faillite. L&rsquo;article 270c InsO contient d&rsquo;autres r\u00e8gles de proc\u00e9dure. Cette disposition concerne notamment les obligations du d\u00e9biteur et de l&rsquo;administrateur provisoire, dans la mesure o\u00f9 ce dernier a \u00e9t\u00e9 d\u00e9sign\u00e9 par le tribunal de la faillite.<\/p>[\/et_pb_text][et_pb_text _builder_version=\u00a0\u00bb4.22.2&Prime; _module_preset=\u00a0\u00bbdefault\u00a0\u00bb header_font=\u00a0\u00bbopensans||||||||\u00a0\u00bb header_font_size=\u00a0\u00bb16px\u00a0\u00bb header_2_font=\u00a0\u00bbopensans|500||on|||||\u00a0\u00bb header_2_font_size=\u00a0\u00bb46px\u00a0\u00bb header_2_line_height=\u00a0\u00bb1.3em\u00a0\u00bb header_3_font=\u00a0\u00bbopensans|500||on|||||\u00a0\u00bb header_3_font_size=\u00a0\u00bb38px\u00a0\u00bb header_3_line_height=\u00a0\u00bb1.3em\u00a0\u00bb custom_padding=\u00a0\u00bb70px||||false|false\u00a0\u00bb custom_padding_tablet=\u00a0\u00bb70px||||false|false\u00a0\u00bb custom_padding_phone=\u00a0\u00bb50px||||false|false\u00a0\u00bb custom_padding_last_edited=\u00a0\u00bbon|phone\u00a0\u00bb header_2_font_size_tablet=\u00a0\u00bb46px\u00a0\u00bb header_2_font_size_phone=\u00a0\u00bb34px\u00a0\u00bb header_2_font_size_last_edited=\u00a0\u00bbon|phone\u00a0\u00bb header_3_font_size_tablet=\u00a0\u00bb34px\u00a0\u00bb header_3_font_size_phone=\u00a0\u00bb25px\u00a0\u00bb header_3_font_size_last_edited=\u00a0\u00bbon|phone\u00a0\u00bb header_3_line_height_tablet=\u00a0\u00bb\u00a0\u00bb header_3_line_height_phone=\u00a0\u00bb1.3em\u00a0\u00bb header_3_line_height_last_edited=\u00a0\u00bbon|phone\u00a0\u00bb global_colors_info=\u00a0\u00bb{}\u00a0\u00bb]<h3>Les bons experts.<\/h3>[\/et_pb_text][et_pb_text _builder_version=\u00a0\u00bb4.23.1&Prime; _module_preset=\u00a0\u00bbdefault\u00a0\u00bb text_font=\u00a0\u00bbopensans|300|||||||\u00a0\u00bb text_font_size=\u00a0\u00bb16px\u00a0\u00bb text_line_height=\u00a0\u00bb2em\u00a0\u00bb header_font=\u00a0\u00bbopensans||||||||\u00a0\u00bb header_font_size=\u00a0\u00bb16px\u00a0\u00bb header_2_font=\u00a0\u00bbopensans|500||on|||||\u00a0\u00bb header_2_font_size=\u00a0\u00bb60px\u00a0\u00bb header_2_line_height=\u00a0\u00bb1.3em\u00a0\u00bb width=\u00a0\u00bb88%\u00a0\u00bb width_tablet=\u00a0\u00bb88%\u00a0\u00bb width_phone=\u00a0\u00bb100%\u00a0\u00bb width_last_edited=\u00a0\u00bbon|phone\u00a0\u00bb custom_margin=\u00a0\u00bb||||false|false\u00a0\u00bb custom_padding=\u00a0\u00bb||||false|false\u00a0\u00bb hover_enabled=\u00a0\u00bb0&Prime; global_colors_info=\u00a0\u00bb{}\u00a0\u00bb sticky_enabled=\u00a0\u00bb0&Prime;]<p><span>Les experts sont importants pour ne pas perdre de temps et redresser l&rsquo;entreprise rapidement et avec succ\u00e8s, avec la bonne exp\u00e9rience et les bonnes \u00e9tapes.<\/span>  Notre cabinet fiscal est sp\u00e9cialis\u00e9 dans l&rsquo;administration autonome dans les proc\u00e9dures d&rsquo;insolvabilit\u00e9 et coop\u00e8re avec un r\u00e9seau \u00e9troit et bien rod\u00e9 d&rsquo;administrateurs, de juristes et de conseillers en redressement et restructuration, qui ont tous une grande exp\u00e9rience et expertise dans diff\u00e9rents secteurs. Ce r\u00e9seau nous permet de travailler avec succ\u00e8s dans toute l&rsquo;Allemagne.<\/p>[\/et_pb_text][et_pb_text _builder_version=\u00a0\u00bb4.23&Prime; _module_preset=\u00a0\u00bbdefault\u00a0\u00bb text_font=\u00a0\u00bbopensans|700|||||||\u00a0\u00bb width=\u00a0\u00bb50%\u00a0\u00bb width_tablet=\u00a0\u00bb50%\u00a0\u00bb width_phone=\u00a0\u00bb80%\u00a0\u00bb width_last_edited=\u00a0\u00bbon|phone\u00a0\u00bb custom_margin=\u00a0\u00bb100px||||false|false\u00a0\u00bb global_colors_info=\u00a0\u00bb{}\u00a0\u00bb]<p><span><span class=\"ui-provider ec bfw bfx bfy bfz bga bgb bgc bgd bge bgf bgg bgh bgi bgj bgk bgl bgm bgn bgo bgp bgq bgr bgs bgt bgu bgv bgw bgx bgy bgz bha bhb bhc bhd\" dir=\"ltr\">N&rsquo;h\u00e9sitez pas \u00e0 nous contacter. Ensemble, nous trouvons avec beaucoup de sensibilit\u00e9 la bonne compr\u00e9hension de vos souhaits.<\/span><\/span><\/p>[\/et_pb_text][et_pb_divimenus_flex hide_button=\u00a0\u00bbon\u00a0\u00bb menu_button_background_color=\u00a0\u00bb#000000&Prime; _builder_version=\u00a0\u00bb4.23&Prime; _module_preset=\u00a0\u00bbdefault\u00a0\u00bb background_color=\u00a0\u00bbRGBA(255,255,255,0)\u00a0\u00bb global_colors_info=\u00a0\u00bb{}\u00a0\u00bb][et_pb_divimenus_flex_item title=\u00a0\u00bbEntretien de conseil\u00a0\u00bb text_use_icon=\u00a0\u00bbon\u00a0\u00bb text_font_icon=\u00a0\u00bb&#x26;||divi||400&Prime; text_icon_pos=\u00a0\u00bbright\u00a0\u00bb text_icon_font_size=\u00a0\u00bb16px\u00a0\u00bb url=\u00a0\u00bbhttps:\/\/ebbinghaus.eu\/kontakt\u00a0\u00bb _builder_version=\u00a0\u00bb4.23&Prime; _module_preset=\u00a0\u00bbdefault\u00a0\u00bb item_font=\u00a0\u00bbopensans|600|||||||\u00a0\u00bb item_text_color=\u00a0\u00bb#FFFFFF\u00a0\u00bb item_font_size=\u00a0\u00bb14px\u00a0\u00bb background_color=\u00a0\u00bb#0a4398&Prime; background_enable_color=\u00a0\u00bbon\u00a0\u00bb custom_padding=\u00a0\u00bb|24px||24px|false|true\u00a0\u00bb global_colors_info=\u00a0\u00bb{}\u00a0\u00bb background__hover_enabled=\u00a0\u00bbon|hover\u00a0\u00bb background_color__hover=\u00a0\u00bb#3f3f3f\u00a0\u00bb background_enable_color__hover=\u00a0\u00bbon\u00a0\u00bb text_icon_padding__hover_enabled=\u00a0\u00bbon|hover\u00a0\u00bb text_icon_padding__hover=\u00a0\u00bb0.8em\u00a0\u00bb direction=\u00a0\u00bbrow\u00a0\u00bb force_fullwidth=\u00a0\u00bboff\u00a0\u00bb][\/et_pb_divimenus_flex_item][\/et_pb_divimenus_flex][\/et_pb_column][\/et_pb_row][\/et_pb_section][et_pb_section fb_built=\u00a0\u00bb1&Prime; custom_padding_last_edited=\u00a0\u00bbon|phone\u00a0\u00bb _builder_version=\u00a0\u00bb4.22.2&Prime; _module_preset=\u00a0\u00bbdefault\u00a0\u00bb background_color=\u00a0\u00bb#f0f3f5&Prime; custom_padding=\u00a0\u00bb90px||100px|||\u00a0\u00bb custom_padding_tablet=\u00a0\u00bb90px||100px|||\u00a0\u00bb custom_padding_phone=\u00a0\u00bb40px||5px||false|false\u00a0\u00bb global_colors_info=\u00a0\u00bb{}\u00a0\u00bb][et_pb_row column_structure=\u00a0\u00bb1_2,1_2&Prime; _builder_version=\u00a0\u00bb4.22.2&Prime; _module_preset=\u00a0\u00bbdefault\u00a0\u00bb custom_margin=\u00a0\u00bb30px||30px||true|false\u00a0\u00bb custom_padding=\u00a0\u00bb8px|||||\u00a0\u00bb global_colors_info=\u00a0\u00bb{}\u00a0\u00bb][et_pb_column type=\u00a0\u00bb1_2&Prime; _builder_version=\u00a0\u00bb4.22.1&Prime; _module_preset=\u00a0\u00bbdefault\u00a0\u00bb global_colors_info=\u00a0\u00bb{}\u00a0\u00bb][et_pb_text _builder_version=\u00a0\u00bb4.22.2&Prime; _module_preset=\u00a0\u00bbdefault\u00a0\u00bb header_2_font=\u00a0\u00bbopensans|||on|||||\u00a0\u00bb header_2_font_size=\u00a0\u00bb46px\u00a0\u00bb header_2_line_height=\u00a0\u00bb1.4em\u00a0\u00bb header_3_font_size=\u00a0\u00bb48px\u00a0\u00bb header_2_font_size_tablet=\u00a0\u00bb46px\u00a0\u00bb header_2_font_size_phone=\u00a0\u00bb34px\u00a0\u00bb header_2_font_size_last_edited=\u00a0\u00bbon|phone\u00a0\u00bb global_colors_info=\u00a0\u00bb{}\u00a0\u00bb]<h2>Ensemble<br>Un seul fournisseur.<\/h2>[\/et_pb_text][et_pb_text _builder_version=\u00a0\u00bb4.23&Prime; _module_preset=\u00a0\u00bbdefault\u00a0\u00bb text_line_height=\u00a0\u00bb2em\u00a0\u00bb max_width=\u00a0\u00bb75%\u00a0\u00bb max_width_tablet=\u00a0\u00bb80%\u00a0\u00bb max_width_phone=\u00a0\u00bb100%\u00a0\u00bb max_width_last_edited=\u00a0\u00bbon|tablet\u00a0\u00bb custom_margin_tablet=\u00a0\u00bb\u00a0\u00bb custom_margin_phone=\u00a0\u00bb||60px||false|false\u00a0\u00bb custom_margin_last_edited=\u00a0\u00bbon|phone\u00a0\u00bb global_colors_info=\u00a0\u00bb{}\u00a0\u00bb]<p>Dans notre cabinet, il ne s&rsquo;agit pas seulement de chiffres et de formulaires, mais des personnes qui travaillent dans une entreprise. Nous sommes fiers d&rsquo;\u00eatre \u00e0 vos c\u00f4t\u00e9s non seulement en tant que conseiller, mais aussi en tant que partenaire global offrant une gamme compl\u00e8te de services. Ensemble, nous voulons nous assurer que vous obtenez la reconnaissance et la stabilit\u00e9 financi\u00e8re que vous m\u00e9ritez. Un seul fournisseur.<\/p>[\/et_pb_text][et_pb_text _builder_version=\u00a0\u00bb4.23&Prime; _module_preset=\u00a0\u00bbdefault\u00a0\u00bb text_font=\u00a0\u00bbopensans||||||||\u00a0\u00bb text_text_color=\u00a0\u00bb#000000&Prime; text_line_height=\u00a0\u00bb2em\u00a0\u00bb max_width=\u00a0\u00bb75%\u00a0\u00bb max_width_tablet=\u00a0\u00bb65%\u00a0\u00bb max_width_phone=\u00a0\u00bb90%\u00a0\u00bb max_width_last_edited=\u00a0\u00bbon|phone\u00a0\u00bb custom_margin_tablet=\u00a0\u00bb\u00a0\u00bb custom_margin_phone=\u00a0\u00bb||60px||false|false\u00a0\u00bb custom_margin_last_edited=\u00a0\u00bbon|phone\u00a0\u00bb global_colors_info=\u00a0\u00bb{}\u00a0\u00bb]<p><strong>Nous vivons dans un monde num\u00e9rique. C&rsquo;est pourquoi nous accompagnons de plus en plus de mandats dans toute la R\u00e9publique f\u00e9d\u00e9rale d&rsquo;Allemagne.<\/strong><\/p>[\/et_pb_text][\/et_pb_column][et_pb_column type=\u00a0\u00bb1_2&Prime; _builder_version=\u00a0\u00bb4.22.1&Prime; _module_preset=\u00a0\u00bbdefault\u00a0\u00bb global_colors_info=\u00a0\u00bb{}\u00a0\u00bb][et_pb_menu menu_id=\u00a0\u00bb5&Prime; dropdown_menu_line_color=\u00a0\u00bbRGBA(255,255,255,0)\u00a0\u00bb mobile_menu_text_color=\u00a0\u00bbRGBA(255,255,255,0)\u00a0\u00bb module_class=\u00a0\u00bbunterseitenMenu\u00a0\u00bb _builder_version=\u00a0\u00bb4.23&Prime; _module_preset=\u00a0\u00bbdefault\u00a0\u00bb menu_font=\u00a0\u00bb|||on|||||\u00a0\u00bb menu_line_height=\u00a0\u00bb1.3em\u00a0\u00bb background_color=\u00a0\u00bbRGBA(255,255,255,0)\u00a0\u00bb menu_line_height_tablet=\u00a0\u00bb1.3em\u00a0\u00bb menu_line_height_phone=\u00a0\u00bb1.5em\u00a0\u00bb menu_line_height_last_edited=\u00a0\u00bbon|phone\u00a0\u00bb global_colors_info=\u00a0\u00bb{}\u00a0\u00bb][\/et_pb_menu][\/et_pb_column][\/et_pb_row][\/et_pb_section]\n","protected":false},"excerpt":{"rendered":"<p>Assainissement pour les entreprisesR\u00e9tablissement et restructuration.La r\u00e9orientation ou le redressement d&rsquo;une entreprise en difficult\u00e9 est un d\u00e9fi complexe, car les causes de la crise peuvent \u00eatre extr\u00eamement vari\u00e9es, allant de changements impr\u00e9vus sur le march\u00e9 \u00e0 des difficult\u00e9s op\u00e9rationnelles internes. Dans de telles situations, un redressement et une restructuration en profondeur de l&rsquo;entreprise peuvent s&rsquo;av\u00e9rer [&hellip;]<\/p>\n","protected":false},"author":1,"featured_media":1816,"parent":0,"menu_order":0,"comment_status":"closed","ping_status":"closed","template":"","meta":{"_seopress_robots_primary_cat":"","_seopress_titles_title":"Redressement pour les entreprises - Redressement et restructuration","_seopress_titles_desc":"Assainissement pour les entreprises : Nous sommes sp\u00e9cialis\u00e9s et nous vous conseillons volontiers dans le domaine de l'insolvabilit\u00e9 sous votre propre responsabilit\u00e9.","_seopress_robots_index":"","_et_pb_use_builder":"on","_et_pb_old_content":"","_et_gb_content_width":"","footnotes":""},"class_list":["post-2047","page","type-page","status-publish","has-post-thumbnail","hentry"],"_links":{"self":[{"href":"https:\/\/ebbinghaus.eu\/fr\/wp-json\/wp\/v2\/pages\/2047","targetHints":{"allow":["GET"]}}],"collection":[{"href":"https:\/\/ebbinghaus.eu\/fr\/wp-json\/wp\/v2\/pages"}],"about":[{"href":"https:\/\/ebbinghaus.eu\/fr\/wp-json\/wp\/v2\/types\/page"}],"author":[{"embeddable":true,"href":"https:\/\/ebbinghaus.eu\/fr\/wp-json\/wp\/v2\/users\/1"}],"replies":[{"embeddable":true,"href":"https:\/\/ebbinghaus.eu\/fr\/wp-json\/wp\/v2\/comments?post=2047"}],"version-history":[{"count":1,"href":"https:\/\/ebbinghaus.eu\/fr\/wp-json\/wp\/v2\/pages\/2047\/revisions"}],"predecessor-version":[{"id":2048,"href":"https:\/\/ebbinghaus.eu\/fr\/wp-json\/wp\/v2\/pages\/2047\/revisions\/2048"}],"wp:featuredmedia":[{"embeddable":true,"href":"https:\/\/ebbinghaus.eu\/fr\/wp-json\/wp\/v2\/media\/1816"}],"wp:attachment":[{"href":"https:\/\/ebbinghaus.eu\/fr\/wp-json\/wp\/v2\/media?parent=2047"}],"curies":[{"name":"wp","href":"https:\/\/api.w.org\/{rel}","templated":true}]}}